{"id":38,"date":"2024-03-13T10:16:50","date_gmt":"2024-03-13T10:16:50","guid":{"rendered":"http:\/\/epesses-calamin.local\/?post_type=event&#038;p=38"},"modified":"2026-04-07T19:40:41","modified_gmt":"2026-04-07T19:40:41","slug":"caves-ouvertes-vaudoises","status":"publish","type":"event","link":"https:\/\/epesses-calamin.ch\/en\/evenements\/caves-ouvertes-vaudoises\/","title":{"rendered":"Caves ouvertes vaudoises 2026"},"content":{"rendered":"<h2 class=\"wp-block-heading\">Programme from 10am to 6pm<\/h2>\n\n\n\n<p>Tasting in the Vaud wine cellars of your choice for 2 days with your 40 CHF ticket<\/p>\n\n\n\n<p>The association organises and coordinates this event for the villages of Chenaux - Epesses - Riex and Cully<\/p>\n\n\n\n<div class=\"wp-block-buttons is-layout-flex wp-block-buttons-is-layout-flex\">\n<div class=\"wp-block-button\"><a class=\"wp-block-button__link wp-element-button\" href=\"https:\/\/www.mescavesouvertes.ch\/\" target=\"_blank\" rel=\"noreferrer noopener\">Acheter mon billet d\u00e8s fin avril<\/a><\/div>\n<\/div>\n\n\n\n<details class=\"wp-block-details is-layout-flow wp-block-details-is-layout-flow\"><summary>Information and tickets<\/summary>\n<div class=\"wp-block-group\"><div class=\"wp-block-group__inner-container is-layout-constrained wp-block-group-is-layout-constrained\">\n<p>2-day ticket at 40CHF including:<\/p>\n\n\n\n<ul class=\"wp-block-list\">\n<li>Un verre de d\u00e9gustation pour vous rendre dans les 250 caves vaudoises participantes<\/li>\n\n\n\n<li>Un bracelet Caves Ouvertes Vaudoises 2025<\/li>\n\n\n\n<li>Public transport with a mobilis day pass included<\/li>\n\n\n\n<li>20CHF  voucher to be used at a winegrower's for every 6 bottles purchased.<\/li>\n<\/ul>\n<\/div><\/div>\n<\/details>\n\n\n\n<div class=\"wp-block-group\"><div class=\"wp-block-group__inner-container is-layout-constrained wp-block-group-is-layout-constrained\">\n<div class=\"wp-block-columns is-layout-flex wp-container-core-columns-is-layout-9d6595d7 wp-block-columns-is-layout-flex\">\n<div class=\"wp-block-column is-layout-flow wp-block-column-is-layout-flow\" style=\"flex-basis:100%\">\n<details class=\"wp-block-details is-layout-flow wp-block-details-is-layout-flow\"><summary>Events in the villages of Cully - Epesses - Riex and Chenaux<\/summary>\n<div class=\"wp-block-group\"><div class=\"wp-block-group__inner-container is-layout-constrained wp-block-group-is-layout-constrained\">\n<div class=\"wp-block-group\"><div class=\"wp-block-group__inner-container is-layout-constrained wp-block-group-is-layout-constrained\">\n<p>All day long, from 10am to 6pm, in the villages of Cully, Epesses and Riex, enjoy a festive atmosphere thanks to the music groups present.<\/p>\n\n\n\n<p>D\u00e8s 16h, After-bar et DJ dans la cour de l&rsquo;ancien coll\u00e8ge \u00e0 Epesses organis\u00e9 par Street Cellar<\/p>\n<\/div><\/div>\n<\/div><\/div>\n<\/details>\n<\/div>\n<\/div>\n<\/div><\/div>\n\n\n\n<div class=\"wp-block-group\"><div class=\"wp-block-group__inner-container is-layout-constrained wp-block-group-is-layout-constrained\">\n<details class=\"wp-block-details is-layout-flow wp-block-details-is-layout-flow\"><summary>Restaurant and bar in Epesses<\/summary>\n<div class=\"wp-block-group\"><div class=\"wp-block-group__inner-container is-layout-constrained wp-block-group-is-layout-constrained\">\n<div class=\"wp-block-group\"><div class=\"wp-block-group__inner-container is-layout-constrained wp-block-group-is-layout-constrained\">\n<p>The association is organising hot meals for you, at reasonable prices, provided by H\u00e9ritier Traiteur\n on the car park square in Epesses. From 11am to 16 pm. <a data-type=\"link\" data-id=\"https:\/\/heritier-traiteur.ch\/\" href=\"https:\/\/heritier-traiteur.ch\/\">H\u00e9ritier Traiteur<\/a> sur la place du parking d&rsquo;Epesses de 11h \u00e0 16h.<\/p>\n\n\n\n<p>A bar will be organised by Street Cellar at the same venue. <a data-type=\"link\" data-id=\"https:\/\/www.streetcellar.ch\/\" href=\"https:\/\/www.streetcellar.ch\/\">Street Cellar<\/a> au m\u00eame endroit.<\/p>\n<\/div><\/div>\n<\/div><\/div>\n<\/details>\n<\/div><\/div>\n\n\n\n<h2 class=\"wp-block-heading\">Maps, shuttles and participating winegrowers for Epesses - Cully - Riex and Chenaux<\/h2>\n\n\n<div class=\"wp-block-image\">\n<figure class=\"aligncenter size-full\"><img loading=\"lazy\" decoding=\"async\" width=\"2560\" height=\"1810\" src=\"https:\/\/epesses-calamin.ch\/wp-content\/uploads\/2024\/03\/Epesses-COV-2026-scaled.jpg\" alt=\"\" class=\"wp-image-698\" srcset=\"https:\/\/epesses-calamin.ch\/wp-content\/uploads\/2024\/03\/Epesses-COV-2026-scaled.jpg 2560w, https:\/\/epesses-calamin.ch\/wp-content\/uploads\/2024\/03\/Epesses-COV-2026-300x212.jpg 300w, https:\/\/epesses-calamin.ch\/wp-content\/uploads\/2024\/03\/Epesses-COV-2026-1024x724.jpg 1024w, https:\/\/epesses-calamin.ch\/wp-content\/uploads\/2024\/03\/Epesses-COV-2026-768x543.jpg 768w, https:\/\/epesses-calamin.ch\/wp-content\/uploads\/2024\/03\/Epesses-COV-2026-1536x1086.jpg 1536w, https:\/\/epesses-calamin.ch\/wp-content\/uploads\/2024\/03\/Epesses-COV-2026-2048x1448.jpg 2048w, https:\/\/epesses-calamin.ch\/wp-content\/uploads\/2024\/03\/Epesses-COV-2026-17x12.jpg 17w\" sizes=\"auto, (max-width: 2560px) 100vw, 2560px\" \/><\/figure>\n<\/div>\n\n<div class=\"wp-block-image\">\n<figure class=\"aligncenter size-full\"><img loading=\"lazy\" decoding=\"async\" width=\"2560\" height=\"1810\" src=\"https:\/\/epesses-calamin.ch\/wp-content\/uploads\/2024\/03\/Cully-COV-2026-scaled.jpg\" alt=\"\" class=\"wp-image-699\" srcset=\"https:\/\/epesses-calamin.ch\/wp-content\/uploads\/2024\/03\/Cully-COV-2026-scaled.jpg 2560w, https:\/\/epesses-calamin.ch\/wp-content\/uploads\/2024\/03\/Cully-COV-2026-300x212.jpg 300w, https:\/\/epesses-calamin.ch\/wp-content\/uploads\/2024\/03\/Cully-COV-2026-1024x724.jpg 1024w, https:\/\/epesses-calamin.ch\/wp-content\/uploads\/2024\/03\/Cully-COV-2026-768x543.jpg 768w, https:\/\/epesses-calamin.ch\/wp-content\/uploads\/2024\/03\/Cully-COV-2026-1536x1086.jpg 1536w, https:\/\/epesses-calamin.ch\/wp-content\/uploads\/2024\/03\/Cully-COV-2026-2048x1448.jpg 2048w, https:\/\/epesses-calamin.ch\/wp-content\/uploads\/2024\/03\/Cully-COV-2026-17x12.jpg 17w\" sizes=\"auto, (max-width: 2560px) 100vw, 2560px\" \/><\/figure>\n<\/div>\n\n<div class=\"wp-block-image\">\n<figure class=\"aligncenter size-full\"><img loading=\"lazy\" decoding=\"async\" width=\"2560\" height=\"1810\" src=\"https:\/\/epesses-calamin.ch\/wp-content\/uploads\/2024\/03\/Chenaux-et-Riex-COV-2026-scaled.jpg\" alt=\"\" class=\"wp-image-700\" srcset=\"https:\/\/epesses-calamin.ch\/wp-content\/uploads\/2024\/03\/Chenaux-et-Riex-COV-2026-scaled.jpg 2560w, https:\/\/epesses-calamin.ch\/wp-content\/uploads\/2024\/03\/Chenaux-et-Riex-COV-2026-300x212.jpg 300w, https:\/\/epesses-calamin.ch\/wp-content\/uploads\/2024\/03\/Chenaux-et-Riex-COV-2026-1024x724.jpg 1024w, https:\/\/epesses-calamin.ch\/wp-content\/uploads\/2024\/03\/Chenaux-et-Riex-COV-2026-768x543.jpg 768w, https:\/\/epesses-calamin.ch\/wp-content\/uploads\/2024\/03\/Chenaux-et-Riex-COV-2026-1536x1086.jpg 1536w, https:\/\/epesses-calamin.ch\/wp-content\/uploads\/2024\/03\/Chenaux-et-Riex-COV-2026-2048x1448.jpg 2048w, https:\/\/epesses-calamin.ch\/wp-content\/uploads\/2024\/03\/Chenaux-et-Riex-COV-2026-17x12.jpg 17w\" sizes=\"auto, (max-width: 2560px) 100vw, 2560px\" \/><\/figure>\n<\/div>","protected":false},"excerpt":{"rendered":"<p>Programme de 10h \u00e0 18h D\u00e9gustation dans les caves vaudoises de votre choix pendant 2 jours gr\u00e2ce \u00e0 votre billet \u00e0 40.-. L&rsquo;association organise et coordonne cet \u00e9v\u00e9nement pour les villages de Chenaux &#8211; Epesses &#8211; Riex et Cully. Plans, navettes et vignerons participants pour Epesses &#8211; Cully &#8211; Riex et Chenaux<\/p>","protected":false},"featured_media":488,"template":"","class_list":["post-38","event","type-event","status-publish","has-post-thumbnail","hentry"],"acf":[],"yoast_head":"<!-- This site is optimized with the Yoast SEO plugin v27.4 - https:\/\/yoast.com\/product\/yoast-seo-wordpress\/ -->\n<title>Caves ouvertes vaudoises 2026 - Les vignobles Epesses et Calamin \u2013 Lavaux<\/title>\n<meta name=\"description\" content=\"Un week-end entier pour aller \u00e0 la rencontre de vos vigneronnes et vignerons pr\u00e9f\u00e9r\u00e9s et d\u00e9guster d&#039;incroyables vins dans tout le Canton.\" \/>\n<meta name=\"robots\" content=\"index, follow, max-snippet:-1, max-image-preview:large, max-video-preview:-1\" \/>\n<link rel=\"canonical\" href=\"https:\/\/epesses-calamin.ch\/en\/evenements\/caves-ouvertes-vaudoises\/\" \/>\n<meta property=\"og:locale\" content=\"en_GB\" \/>\n<meta property=\"og:type\" content=\"article\" \/>\n<meta property=\"og:title\" content=\"Caves ouvertes vaudoises 2026 - Les vignobles Epesses et Calamin \u2013 Lavaux\" \/>\n<meta property=\"og:description\" content=\"Un week-end entier pour aller \u00e0 la rencontre de vos vigneronnes et vignerons pr\u00e9f\u00e9r\u00e9s et d\u00e9guster d&#039;incroyables vins dans tout le Canton.\" \/>\n<meta property=\"og:url\" content=\"https:\/\/epesses-calamin.ch\/en\/evenements\/caves-ouvertes-vaudoises\/\" \/>\n<meta property=\"og:site_name\" content=\"Les vignobles Epesses et Calamin \u2013 Lavaux\" \/>\n<meta property=\"article:modified_time\" content=\"2026-04-07T19:40:41+00:00\" \/>\n<meta property=\"og:image\" content=\"https:\/\/epesses-calamin.ch\/wp-content\/uploads\/2024\/03\/caves-ouvertes-vaudoises-1.jpg\" \/>\n\t<meta property=\"og:image:width\" content=\"800\" \/>\n\t<meta property=\"og:image:height\" content=\"449\" \/>\n\t<meta property=\"og:image:type\" content=\"image\/jpeg\" \/>\n<meta name=\"twitter:card\" content=\"summary_large_image\" \/>\n<meta name=\"twitter:label1\" content=\"Estimated reading time\" \/>\n\t<meta name=\"twitter:data1\" content=\"2 minutes\" \/>\n<script type=\"application\/ld+json\" class=\"yoast-schema-graph\">{\"@context\":\"https:\\\/\\\/schema.org\",\"@graph\":[{\"@type\":\"WebPage\",\"@id\":\"https:\\\/\\\/epesses-calamin.ch\\\/evenements\\\/caves-ouvertes-vaudoises\\\/\",\"url\":\"https:\\\/\\\/epesses-calamin.ch\\\/evenements\\\/caves-ouvertes-vaudoises\\\/\",\"name\":\"Caves ouvertes vaudoises 2026 - Les vignobles Epesses et Calamin \u2013 Lavaux\",\"isPartOf\":{\"@id\":\"https:\\\/\\\/epesses-calamin.ch\\\/fr\\\/#website\"},\"primaryImageOfPage\":{\"@id\":\"https:\\\/\\\/epesses-calamin.ch\\\/evenements\\\/caves-ouvertes-vaudoises\\\/#primaryimage\"},\"image\":{\"@id\":\"https:\\\/\\\/epesses-calamin.ch\\\/evenements\\\/caves-ouvertes-vaudoises\\\/#primaryimage\"},\"thumbnailUrl\":\"https:\\\/\\\/epesses-calamin.ch\\\/wp-content\\\/uploads\\\/2024\\\/03\\\/caves-ouvertes-vaudoises-1.jpg\",\"datePublished\":\"2024-03-13T10:16:50+00:00\",\"dateModified\":\"2026-04-07T19:40:41+00:00\",\"description\":\"Un week-end entier pour aller \u00e0 la rencontre de vos vigneronnes et vignerons pr\u00e9f\u00e9r\u00e9s et d\u00e9guster d'incroyables vins dans tout le Canton.\",\"breadcrumb\":{\"@id\":\"https:\\\/\\\/epesses-calamin.ch\\\/evenements\\\/caves-ouvertes-vaudoises\\\/#breadcrumb\"},\"inLanguage\":\"en-GB\",\"potentialAction\":[{\"@type\":\"ReadAction\",\"target\":[\"https:\\\/\\\/epesses-calamin.ch\\\/evenements\\\/caves-ouvertes-vaudoises\\\/\"]}]},{\"@type\":\"ImageObject\",\"inLanguage\":\"en-GB\",\"@id\":\"https:\\\/\\\/epesses-calamin.ch\\\/evenements\\\/caves-ouvertes-vaudoises\\\/#primaryimage\",\"url\":\"https:\\\/\\\/epesses-calamin.ch\\\/wp-content\\\/uploads\\\/2024\\\/03\\\/caves-ouvertes-vaudoises-1.jpg\",\"contentUrl\":\"https:\\\/\\\/epesses-calamin.ch\\\/wp-content\\\/uploads\\\/2024\\\/03\\\/caves-ouvertes-vaudoises-1.jpg\",\"width\":800,\"height\":449},{\"@type\":\"BreadcrumbList\",\"@id\":\"https:\\\/\\\/epesses-calamin.ch\\\/evenements\\\/caves-ouvertes-vaudoises\\\/#breadcrumb\",\"itemListElement\":[{\"@type\":\"ListItem\",\"position\":1,\"name\":\"Accueil\",\"item\":\"https:\\\/\\\/epesses-calamin.ch\\\/\"},{\"@type\":\"ListItem\",\"position\":2,\"name\":\"\u00c9v\u00e9nements\",\"item\":\"https:\\\/\\\/epesses-calamin.ch\\\/evenements\\\/\"},{\"@type\":\"ListItem\",\"position\":3,\"name\":\"Caves ouvertes vaudoises 2026\"}]},{\"@type\":\"WebSite\",\"@id\":\"https:\\\/\\\/epesses-calamin.ch\\\/fr\\\/#website\",\"url\":\"https:\\\/\\\/epesses-calamin.ch\\\/fr\\\/\",\"name\":\"Les vignobles Epesses et Calamin \u2013 Lavaux\",\"description\":\"Association des propri\u00e9taires et vignerons des appellations Epesses et Calamin\",\"potentialAction\":[{\"@type\":\"SearchAction\",\"target\":{\"@type\":\"EntryPoint\",\"urlTemplate\":\"https:\\\/\\\/epesses-calamin.ch\\\/fr\\\/?s={search_term_string}\"},\"query-input\":{\"@type\":\"PropertyValueSpecification\",\"valueRequired\":true,\"valueName\":\"search_term_string\"}}],\"inLanguage\":\"en-GB\"}]}<\/script>\n<!-- \/ Yoast SEO plugin. -->","yoast_head_json":{"title":"Caves ouvertes vaudoises 2026 - Les vignobles Epesses et Calamin \u2013 Lavaux","description":"Un week-end entier pour aller \u00e0 la rencontre de vos vigneronnes et vignerons pr\u00e9f\u00e9r\u00e9s et d\u00e9guster d'incroyables vins dans tout le Canton.","robots":{"index":"index","follow":"follow","max-snippet":"max-snippet:-1","max-image-preview":"max-image-preview:large","max-video-preview":"max-video-preview:-1"},"canonical":"https:\/\/epesses-calamin.ch\/en\/evenements\/caves-ouvertes-vaudoises\/","og_locale":"en_GB","og_type":"article","og_title":"Caves ouvertes vaudoises 2026 - Les vignobles Epesses et Calamin \u2013 Lavaux","og_description":"Un week-end entier pour aller \u00e0 la rencontre de vos vigneronnes et vignerons pr\u00e9f\u00e9r\u00e9s et d\u00e9guster d'incroyables vins dans tout le Canton.","og_url":"https:\/\/epesses-calamin.ch\/en\/evenements\/caves-ouvertes-vaudoises\/","og_site_name":"Les vignobles Epesses et Calamin \u2013 Lavaux","article_modified_time":"2026-04-07T19:40:41+00:00","og_image":[{"width":800,"height":449,"url":"https:\/\/epesses-calamin.ch\/wp-content\/uploads\/2024\/03\/caves-ouvertes-vaudoises-1.jpg","type":"image\/jpeg"}],"twitter_card":"summary_large_image","twitter_misc":{"Estimated reading time":"2 minutes"},"schema":{"@context":"https:\/\/schema.org","@graph":[{"@type":"WebPage","@id":"https:\/\/epesses-calamin.ch\/evenements\/caves-ouvertes-vaudoises\/","url":"https:\/\/epesses-calamin.ch\/evenements\/caves-ouvertes-vaudoises\/","name":"Caves ouvertes vaudoises 2026 - Les vignobles Epesses et Calamin \u2013 Lavaux","isPartOf":{"@id":"https:\/\/epesses-calamin.ch\/fr\/#website"},"primaryImageOfPage":{"@id":"https:\/\/epesses-calamin.ch\/evenements\/caves-ouvertes-vaudoises\/#primaryimage"},"image":{"@id":"https:\/\/epesses-calamin.ch\/evenements\/caves-ouvertes-vaudoises\/#primaryimage"},"thumbnailUrl":"https:\/\/epesses-calamin.ch\/wp-content\/uploads\/2024\/03\/caves-ouvertes-vaudoises-1.jpg","datePublished":"2024-03-13T10:16:50+00:00","dateModified":"2026-04-07T19:40:41+00:00","description":"Un week-end entier pour aller \u00e0 la rencontre de vos vigneronnes et vignerons pr\u00e9f\u00e9r\u00e9s et d\u00e9guster d'incroyables vins dans tout le Canton.","breadcrumb":{"@id":"https:\/\/epesses-calamin.ch\/evenements\/caves-ouvertes-vaudoises\/#breadcrumb"},"inLanguage":"en-GB","potentialAction":[{"@type":"ReadAction","target":["https:\/\/epesses-calamin.ch\/evenements\/caves-ouvertes-vaudoises\/"]}]},{"@type":"ImageObject","inLanguage":"en-GB","@id":"https:\/\/epesses-calamin.ch\/evenements\/caves-ouvertes-vaudoises\/#primaryimage","url":"https:\/\/epesses-calamin.ch\/wp-content\/uploads\/2024\/03\/caves-ouvertes-vaudoises-1.jpg","contentUrl":"https:\/\/epesses-calamin.ch\/wp-content\/uploads\/2024\/03\/caves-ouvertes-vaudoises-1.jpg","width":800,"height":449},{"@type":"BreadcrumbList","@id":"https:\/\/epesses-calamin.ch\/evenements\/caves-ouvertes-vaudoises\/#breadcrumb","itemListElement":[{"@type":"ListItem","position":1,"name":"Accueil","item":"https:\/\/epesses-calamin.ch\/"},{"@type":"ListItem","position":2,"name":"\u00c9v\u00e9nements","item":"https:\/\/epesses-calamin.ch\/evenements\/"},{"@type":"ListItem","position":3,"name":"Caves ouvertes vaudoises 2026"}]},{"@type":"WebSite","@id":"https:\/\/epesses-calamin.ch\/fr\/#website","url":"https:\/\/epesses-calamin.ch\/fr\/","name":"Les vignobles Epesses et Calamin \u2013 Lavaux","description":"Association des propri\u00e9taires et vignerons des appellations Epesses et Calamin","potentialAction":[{"@type":"SearchAction","target":{"@type":"EntryPoint","urlTemplate":"https:\/\/epesses-calamin.ch\/fr\/?s={search_term_string}"},"query-input":{"@type":"PropertyValueSpecification","valueRequired":true,"valueName":"search_term_string"}}],"inLanguage":"en-GB"}]}},"_links":{"self":[{"href":"https:\/\/epesses-calamin.ch\/en\/wp-json\/wp\/v2\/event\/38","targetHints":{"allow":["GET"]}}],"collection":[{"href":"https:\/\/epesses-calamin.ch\/en\/wp-json\/wp\/v2\/event"}],"about":[{"href":"https:\/\/epesses-calamin.ch\/en\/wp-json\/wp\/v2\/types\/event"}],"wp:featuredmedia":[{"embeddable":true,"href":"https:\/\/epesses-calamin.ch\/en\/wp-json\/wp\/v2\/media\/488"}],"wp:attachment":[{"href":"https:\/\/epesses-calamin.ch\/en\/wp-json\/wp\/v2\/media?parent=38"}],"curies":[{"name":"wp","href":"https:\/\/api.w.org\/{rel}","templated":true}]}}